{"id":16,"date":"2012-08-26T20:02:17","date_gmt":"2012-08-26T18:02:17","guid":{"rendered":"http:\/\/frantiskanihc.sk\/klastor\/?page_id=16"},"modified":"2026-04-29T09:39:08","modified_gmt":"2026-04-29T08:39:08","slug":"oznamy","status":"publish","type":"page","link":"https:\/\/frantiskanihc.sk\/klastor\/oznamy\/","title":{"rendered":"\u00damysly sv. om\u0161\u00ed a liturgick\u00fd kalend\u00e1r"},"content":{"rendered":"<p><a href=\"https:\/\/frantiskanihc.sk\/klastor\/wp-content\/uploads\/umysly-ofm.pdf\" class=\"pdfemb-viewer\" style=\"\" data-width=\"max\" data-height=\"max\" data-toolbar=\"bottom\" data-toolbar-fixed=\"off\">umysly-ofm<\/a> <a href=\"http:\/\/frantiskanihc.sk\/klastor\/wp-content\/uploads\/umysly-ofm.pdf\"><small>stiahnu\u0165<\/small><\/a><\/p>\n<p>Dnes sa kon\u00e1 zbierka na n\u00e1\u0161 semin\u00e1r v\u00a0Bratislave. Z\u00a0va\u0161ich darov financujeme predov\u0161etk\u00fdm \u0161t\u00fadia bratov a\u00a0tie\u017e in\u00e9 forma\u010dn\u00e9 aktivity na\u0161ej Rehole. Kto by chcel prispie\u0165 priamo na diec\u00e9zny k\u0148azsk\u00fd semin\u00e1r nech svoj dar odovzd\u00e1 vo farskom kostole.<\/p>\n<p>V\u00a0m\u00e1ji pred sv.\u00a0om\u0161ami sa budeme modli\u0165 Loret\u00e1nske lit\u00e1nie (okrem utorka, kedy je celodenn\u00e1 ador\u00e1cia). Pred ve\u010dernou sv.\u00a0om\u0161ou bud\u00fa spievan\u00e9 o\u00a017:45.<\/p>\n<p>Tento t\u00fd\u017ede\u0148 je prv\u00fd piatok v\u00a0mesiaci, star\u00fdch a\u00a0chor\u00fdch po domoch p\u00f4jdeme spoveda\u0165 pod\u013ea dohovoru. Vo \u0161tvrtok a\u00a0piatok budeme spoveda\u0165 aj od 9:00 do 11:00.<\/p>\n<p>V\u00a0d\u0148och od 5.\u00a0do 11.\u00a0j\u00fala sa bude kona\u0165 detsk\u00fd letn\u00fd t\u00e1bor fraAngeli pre deti od 10 do 14 rokov, ktor\u00fd sa uskuto\u010dn\u00ed v\u00a0Liptovsk\u00fdch Rev\u00facach a\u00a0v\u00a0d\u0148och od 26.\u00a0do 31.\u00a0j\u00fala sa uskuto\u010dn\u00ed letn\u00e9 putovn\u00e9 stretnutie ml\u00e1de\u017ee GIFRA pre mlad\u00fdch od 15-30 rokov. Bli\u017e\u0161ie inform\u00e1cie n\u00e1jdete na <a href=\"https:\/\/frantiskani.sk\/gifra\/\" target=\"_blank\">frantiskani.sk<\/a>.<\/p>\n<blockquote><p><strong>Pros\u00edme o\u00a0pozornos\u0165 \u0161of\u00e9rov, kontaktovali n\u00e1s z\u00a0mestskej pol\u00edcie a\u00a0upozor\u0148uj\u00fa n\u00e1s, aby sme neparkovali na spojnici medzi ulicami Hlohov\u00e1 a\u017e po z\u00e1krutu, kde za\u010d\u00edna ulica Komensk\u00e9ho.<\/strong> Dostali u\u017e viacero podnetov od ob\u010danov, \u017ee v\u00a0\u010dase nede\u013en\u00fdch sv. om\u0161\u00ed, sa v\u00a0tejto \u010dasti ned\u00e1 \u00eds\u0165 kv\u00f4li parkuj\u00facim aut\u00e1m po \u00fazkych chodn\u00edkoch, ktor\u00e9 tam s\u00fa. Na parkovanie vyu\u017e\u00edvajme parkovisko na Franti\u0161k\u00e1nskom n\u00e1mest\u00ed, ulicu Komensk\u00e9ho, Hlohov\u00fa, Vajansk\u00e9ho.<\/p><\/blockquote>\n<h3>V\u00a0kr\u00e1tkosti z\u00a0farsk\u00fdch oznamov<\/h3>\n<ul>\n<li>dnes o\u00a015:00 bude po\u017eehnanie pol\u00ed a\u00a0z\u00e1hrad pri kr\u00ed\u017ei v\u00a0G\u00e1borsk\u00fdch ru\u017eenn\u00fdch hor\u00e1ch; procesia s\u00a0kr\u00ed\u017eom za\u010d\u00edna od starej Tehelne o\u00a014:30;<\/li>\n<li>z\u00e1pis det\u00ed do Cirkevnej materskej \u0161koly Panny M\u00e1rie Pomocnice na \u0161kolsk\u00fd rok 2026\/2027 sa uskuto\u010dn\u00ed elektronicky po\u010das cel\u00e9ho mesiaca m\u00e1j, alebo osobne 4. &#8211; 5. m\u00e1ja 2026 v\u00a0\u010dase 8:00 \u2013 16\u201c00 v\u00a0budove \u0161k\u00f4lky na Vinohradskej ulici.<\/li>\n<li>srde\u010dne poz\u00fdvame na duchovn\u00fa obnovu s\u00a0otcom Jamesom Manjackalom \u2013 katol\u00edckym k\u0148azom a\u00a0mision\u00e1rom milosrdenstva z\u00a0Indie s\u00a0n\u00e1zvom \u201eBoh uzdravuje aj dnes&#8230; d\u00e1\u0161 mu \u0161ancu?\u201c Duchovn\u00e1 obnova sa uskuto\u010dn\u00ed v\u00a0d\u0148och od 22. do 24.\u00a0m\u00e1ja v\u00a0Sporta Ar\u00e9ne.<\/li>\n<li>do 30.\u00a0apr\u00edla je mo\u017en\u00e9 poda\u0165 si elektronick\u00fa prihl\u00e1\u0161ku na magistersk\u00e9 \u0161t\u00fadium katol\u00edckej teol\u00f3gie dennou formou; \u0161t\u00fadium prebieha v\u00a0K\u0148azskom semin\u00e1ri v\u00a0Nitre a\u00a0je ur\u010den\u00e9 ako pre kandid\u00e1tov k\u0148azstva, tak aj laick\u00fdm \u0161tudentom; info na <a href=\"https:\/\/frcth.uniba.sk\/\" target=\"_blank\">frcth.uniba.sk<\/a>; kandid\u00e1ti na k\u0148azstvo si podaj\u00fa prihl\u00e1\u0161ku aj do k\u0148azsk\u00e9ho semin\u00e1ra (<a href=\"https:\/\/www.kscm.sk\/\" target=\"_blank\">kscm.sk<\/a>).<\/li>\n<\/ul>\n","protected":false},"excerpt":{"rendered":"<p>stiahnu\u0165 Dnes sa kon\u00e1 zbierka na n\u00e1\u0161 semin\u00e1r v\u00a0Bratislave. Z\u00a0va\u0161ich darov financujeme predov\u0161etk\u00fdm \u0161t\u00fadia bratov a\u00a0tie\u017e in\u00e9 forma\u010dn\u00e9 aktivity na\u0161ej Rehole. Kto by chcel prispie\u0165 priamo na diec\u00e9zny k\u0148azsk\u00fd semin\u00e1r &#8230;<\/p>\n","protected":false},"author":5,"featured_media":2279,"parent":0,"menu_order":0,"comment_status":"closed","ping_status":"open","template":"","meta":{"footnotes":""},"class_list":["post-16","page","type-page","status-publish","has-post-thumbnail","hentry"],"_links":{"self":[{"href":"https:\/\/frantiskanihc.sk\/klastor\/wp-json\/wp\/v2\/pages\/16","targetHints":{"allow":["GET"]}}],"collection":[{"href":"https:\/\/frantiskanihc.sk\/klastor\/wp-json\/wp\/v2\/pages"}],"about":[{"href":"https:\/\/frantiskanihc.sk\/klastor\/wp-json\/wp\/v2\/types\/page"}],"author":[{"embeddable":true,"href":"https:\/\/frantiskanihc.sk\/klastor\/wp-json\/wp\/v2\/users\/5"}],"replies":[{"embeddable":true,"href":"https:\/\/frantiskanihc.sk\/klastor\/wp-json\/wp\/v2\/comments?post=16"}],"version-history":[{"count":821,"href":"https:\/\/frantiskanihc.sk\/klastor\/wp-json\/wp\/v2\/pages\/16\/revisions"}],"predecessor-version":[{"id":2781,"href":"https:\/\/frantiskanihc.sk\/klastor\/wp-json\/wp\/v2\/pages\/16\/revisions\/2781"}],"wp:featuredmedia":[{"embeddable":true,"href":"https:\/\/frantiskanihc.sk\/klastor\/wp-json\/wp\/v2\/media\/2279"}],"wp:attachment":[{"href":"https:\/\/frantiskanihc.sk\/klastor\/wp-json\/wp\/v2\/media?parent=16"}],"curies":[{"name":"wp","href":"https:\/\/api.w.org\/{rel}","templated":true}]}}